{"id":398,"date":"2020-09-02T11:59:01","date_gmt":"2020-09-02T09:59:01","guid":{"rendered":"https:\/\/www.hve.edu.ee\/z\/ru\/?page_id=398"},"modified":"2021-05-17T10:24:18","modified_gmt":"2021-05-17T08:24:18","slug":"kooli-oppekava","status":"publish","type":"page","link":"https:\/\/www.hve.edu.ee\/e\/ru\/?page_id=398","title":{"rendered":"\u0428\u043a\u043e\u043b\u044c\u043d\u0430\u044f \u043f\u0440\u043e\u0433\u0440\u0430\u043c\u043c\u0430"},"content":{"rendered":"<p>[vc_row][vc_column][vc_custom_heading text=&#187;\u041f\u0440\u043e\u0433\u0440\u0430\u043c\u043c\u0430 \u043e\u0431\u0443\u0447\u0435\u043d\u0438\u044f \u0448\u043a\u043e\u043b\u044b&#187; font_container=&#187;tag:h1|text_align:left&#187; use_theme_fonts=&#187;yes&#187; css_animation=&#187;top-to-bottom&#187;][vc_column_text css_animation=&#187;bottom-to-top&#187;]<\/p>\r\n<p><a href=\"http:\/\/hve.edu.ee\/assets\/2021_psu.pdf\">Ps\u00fchholoogia ainekava. G\u00fcmnasium. 2021 (pdf)<\/a><\/p>\r\n<p><a href=\"http:\/\/hve.edu.ee\/assets\/2021_mus.pdf\">Muusika\u00f5petus. Ainekava. G\u00fcmnaasium. 2021 (pdf)<\/a><\/p>\r\n<p><a href=\"http:\/\/hve.edu.ee\/assets\/2021_ek.pdf\"> <span class=\"fontstyle0\">Eesti keel teise keelena ainekava. G\u00fcmnasium 2021 (pdf)<\/span><\/a><\/p>\r\n<p><a href=\"https:\/\/www.hve.edu.ee\/z\/ru\/document\/Kool-21-sajandil-oppekava-uldosa-alates-01_04_2018-1.pdf\" target=\"_blank\" rel=\"noreferrer noopener\"><span class=\"tlid-translation translation\" lang=\"ru\"><span class=\"\" title=\"\">\u041e\u0431\u0449\u0430\u044f \u0447\u0430\u0441\u0442\u044c \u0448\u043a\u043e\u043b\u044c\u043d\u043e\u0439 \u043f\u0440\u043e\u0433\u0440\u0430\u043c\u043c\u044b \/ <\/span><\/span>Kooli \u00f5ppekava \u00fcldosa<\/a>\u00a0alates 01.04.2018 (pdf)<\/p>\r\n\r\n<p><a href=\"https:\/\/www.hve.edu.ee\/z\/ru\/document\/Pohikooli-ainekavad-Kool-21-sajandil-01_04_2018-1.pdf\" target=\"_blank\" rel=\"noreferrer noopener\"><span class=\"tlid-translation translation\" lang=\"ru\"><span class=\"\" title=\"\">\u041e\u0441\u043d\u043e\u0432\u043d\u044b\u0435 \u0448\u043a\u043e\u043b\u044c\u043d\u044b\u0435 \u043f\u0440\u043e\u0433\u0440\u0430\u043c\u043c\u044b \/ <\/span><\/span>P\u00f5hikooli ainekavad<\/a> alates 01.04.2018 (pdf)<\/p>\r\n\r\n<p><a href=\"https:\/\/www.hve.edu.ee\/z\/ru\/document\/Gumnaasiumi-ainekavad-Kool-21-sajandil-01_04_2018.pdf\" target=\"_blank\" rel=\"noreferrer noopener\"><span class=\"tlid-translation translation\" lang=\"ru\"><span class=\"\" title=\"\">\u0423\u0447\u0435\u0431\u043d\u044b\u0435 \u043f\u0440\u043e\u0433\u0440\u0430\u043c\u043c\u044b \u0441\u0442\u0430\u0440\u0448\u0438\u0445 \u043a\u043b\u0430\u0441\u0441\u043e\u0432 \u0441\u0440\u0435\u0434\u043d\u0435\u0439 \u0448\u043a\u043e\u043b\u044b \/ <\/span><\/span>G\u00fcmnaasiumi ainekavad<\/a> alates 01.04.2018 (pdf)<\/p>\r\n\r\n<p>&nbsp;<\/p>\r\n<p>[\/vc_column_text][vc_separator css_animation=&#187;bounceIn&#187;][vc_column_text]<\/p>\r\n<p><a href=\"https:\/\/www.hve.edu.ee\/z\/ru\/document\/Kool-21-sajandil-oppekava-uldosa-alates-01_01_2018.pdf\" target=\"_blank\" rel=\"noreferrer noopener\"><span class=\"tlid-translation translation\" lang=\"ru\"><span class=\"\" title=\"\">\u041e\u0431\u0449\u0430\u044f \u0447\u0430\u0441\u0442\u044c \u0448\u043a\u043e\u043b\u044c\u043d\u043e\u0439 \u043f\u0440\u043e\u0433\u0440\u0430\u043c\u043c\u044b \/ <\/span><\/span>Kooli \u00f5ppekava \u00fcldosa<\/a>\u00a0kuni 31.03.2018 (pdf)<\/p>\r\n<!-- \/wp:paragraph -->\r\n<p><!-- wp:paragraph --><a href=\"https:\/\/www.hve.edu.ee\/z\/ru\/document\/Pohikooli-ainekavad-Kool-21-sajandil.pdf\" target=\"_blank\" rel=\"noreferrer noopener\"><span class=\"tlid-translation translation\" lang=\"ru\"><span class=\"\" title=\"\">\u041e\u0441\u043d\u043e\u0432\u043d\u044b\u0435 \u0448\u043a\u043e\u043b\u044c\u043d\u044b\u0435 \u043f\u0440\u043e\u0433\u0440\u0430\u043c\u043c\u044b \/ <\/span><\/span>P\u00f5hikooli ainekavad<\/a> kuni 31.03.2018 (pdf)<\/p>\r\n<!-- \/wp:paragraph -->\r\n<p><!-- wp:paragraph --><a href=\"https:\/\/www.hve.edu.ee\/z\/ru\/document\/Gumnaasiumi-ainekavad-Kool-21-sajandil-01_04_2018.pdf\" target=\"_blank\" rel=\"noreferrer noopener\"><span class=\"tlid-translation translation\" lang=\"ru\"><span class=\"\" title=\"\">\u0423\u0447\u0435\u0431\u043d\u044b\u0435 \u043f\u0440\u043e\u0433\u0440\u0430\u043c\u043c\u044b \u0441\u0442\u0430\u0440\u0448\u0438\u0445 \u043a\u043b\u0430\u0441\u0441\u043e\u0432 \u0441\u0440\u0435\u0434\u043d\u0435\u0439 \u0448\u043a\u043e\u043b\u044b <\/span><\/span><\/a><a href=\"https:\/\/www.hve.edu.ee\/z\/ru\/document\/Gumnaasiumi-ainekavad-Kool-21-sajandil.pdf\" target=\"_blank\" rel=\"noreferrer noopener\">\u00a0\/ G\u00fcmnaasiumi ainekavad<\/a> kuni 31.03.2018 (pdf)<\/p>\r\n<p><!-- \/wp:paragraph -->[\/vc_column_text][\/vc_column][\/vc_row]<\/p>","protected":false},"excerpt":{"rendered":"<p>[vc_row][vc_column][vc_custom_heading text=&#187;\u041f\u0440\u043e\u0433\u0440\u0430\u043c\u043c\u0430 \u043e\u0431\u0443\u0447\u0435\u043d\u0438\u044f \u0448\u043a\u043e\u043b\u044b&#187; font_container=&#187;tag:h1|text_align:left&#187; use_theme_fonts=&#187;yes&#187; css_animation=&#187;top-to-bottom&#187;][vc_column_text css_animation=&#187;bottom-to-top&#187;] Ps\u00fchholoogia ainekava. G\u00fcmnasium. 2021 (pdf) Muusika\u00f5petus. Ainekava. G\u00fcmnaasium. 2021 (pdf) Eesti keel teise keelena ainekava. G\u00fcmnasium 2021 (pdf) \u041e\u0431\u0449\u0430\u044f \u0447\u0430\u0441\u0442\u044c \u0448\u043a\u043e\u043b\u044c\u043d\u043e\u0439 \u043f\u0440\u043e\u0433\u0440\u0430\u043c\u043c\u044b \/ Kooli \u00f5ppekava \u00fcldosa\u00a0alates 01.04.2018 (pdf) \u041e\u0441\u043d\u043e\u0432\u043d\u044b\u0435 \u0448\u043a\u043e\u043b\u044c\u043d\u044b\u0435 \u043f\u0440\u043e\u0433\u0440\u0430\u043c\u043c\u044b \/ P\u00f5hikooli ainekavad alates 01.04.2018 (pdf)&nbsp;<a href=\"https:\/\/www.hve.edu.ee\/e\/ru\/?page_id=398\">&hellip;<\/a><\/p>\n","protected":false},"author":1,"featured_media":0,"parent":160,"menu_order":0,"comment_status":"closed","ping_status":"closed","template":"template-sidebar-right-childpages.php","meta":[],"featured_image_urls":{"full":"","thumbnail":"","medium":"","medium_large":"","large":"","1536x1536":"","2048x2048":"","post-thumbnail":"","ed-school-featured-image":"","ed-school-medium":"","ed-school-medium-alt":"","ed-school-square":"","ed-school-square-small":""},"post_excerpt_stackable":"<p>[vc_row][vc_column][vc_custom_heading text=&#187;\u041f\u0440\u043e\u0433\u0440\u0430\u043c\u043c\u0430 \u043e\u0431\u0443\u0447\u0435\u043d\u0438\u044f \u0448\u043a\u043e\u043b\u044b&#187; font_container=&#187;tag:h1|text_align:left&#187; use_theme_fonts=&#187;yes&#187; css_animation=&#187;top-to-bottom&#187;][vc_column_text css_animation=&#187;bottom-to-top&#187;] Ps\u00fchholoogia ainekava. G\u00fcmnasium. 2021 (pdf) Muusika\u00f5petus. Ainekava. G\u00fcmnaasium. 2021 (pdf) Eesti keel teise keelena ainekava. G\u00fcmnasium 2021 (pdf) \u041e\u0431\u0449\u0430\u044f \u0447\u0430\u0441\u0442\u044c \u0448\u043a\u043e\u043b\u044c\u043d\u043e\u0439 \u043f\u0440\u043e\u0433\u0440\u0430\u043c\u043c\u044b \/ Kooli \u00f5ppekava \u00fcldosa\u00a0alates 01.04.2018 (pdf) \u041e\u0441\u043d\u043e\u0432\u043d\u044b\u0435 \u0448\u043a\u043e\u043b\u044c\u043d\u044b\u0435 \u043f\u0440\u043e\u0433\u0440\u0430\u043c\u043c\u044b \/ P\u00f5hikooli ainekavad alates 01.04.2018 (pdf) \u0423\u0447\u0435\u0431\u043d\u044b\u0435 \u043f\u0440\u043e\u0433\u0440\u0430\u043c\u043c\u044b \u0441\u0442\u0430\u0440\u0448\u0438\u0445 \u043a\u043b\u0430\u0441\u0441\u043e\u0432 \u0441\u0440\u0435\u0434\u043d\u0435\u0439 \u0448\u043a\u043e\u043b\u044b \/ G\u00fcmnaasiumi ainekavad alates 01.04.2018 (pdf) &nbsp; [\/vc_column_text][vc_separator css_animation=&#187;bounceIn&#187;][vc_column_text] \u041e\u0431\u0449\u0430\u044f \u0447\u0430\u0441\u0442\u044c \u0448\u043a\u043e\u043b\u044c\u043d\u043e\u0439 \u043f\u0440\u043e\u0433\u0440\u0430\u043c\u043c\u044b \/ Kooli \u00f5ppekava \u00fcldosa\u00a0kuni 31.03.2018 (pdf) \u041e\u0441\u043d\u043e\u0432\u043d\u044b\u0435 \u0448\u043a\u043e\u043b\u044c\u043d\u044b\u0435 \u043f\u0440\u043e\u0433\u0440\u0430\u043c\u043c\u044b \/ P\u00f5hikooli ainekavad kuni 31.03.2018 (pdf) \u0423\u0447\u0435\u0431\u043d\u044b\u0435 \u043f\u0440\u043e\u0433\u0440\u0430\u043c\u043c\u044b \u0441\u0442\u0430\u0440\u0448\u0438\u0445 \u043a\u043b\u0430\u0441\u0441\u043e\u0432 \u0441\u0440\u0435\u0434\u043d\u0435\u0439 \u0448\u043a\u043e\u043b\u044b \u00a0\/ G\u00fcmnaasiumi ainekavad kuni 31.03.2018 (pdf) [\/vc_column_text][\/vc_column][\/vc_row]<\/p>\n","category_list":"","author_info":{"name":"wp_hve_edu","url":"https:\/\/www.hve.edu.ee\/e\/ru\/?author=1"},"comments_num":"0 \u043a\u043e\u043c\u043c\u0435\u043d\u0442\u0430\u0440\u0438\u0435\u0432","featured_image_urls_v2":{"full":"","thumbnail":"","medium":"","medium_large":"","large":"","1536x1536":"","2048x2048":"","post-thumbnail":"","ed-school-featured-image":"","ed-school-medium":"","ed-school-medium-alt":"","ed-school-square":"","ed-school-square-small":""},"post_excerpt_stackable_v2":"<p>[vc_row][vc_column][vc_custom_heading text=&#187;\u041f\u0440\u043e\u0433\u0440\u0430\u043c\u043c\u0430 \u043e\u0431\u0443\u0447\u0435\u043d\u0438\u044f \u0448\u043a\u043e\u043b\u044b&#187; font_container=&#187;tag:h1|text_align:left&#187; use_theme_fonts=&#187;yes&#187; css_animation=&#187;top-to-bottom&#187;][vc_column_text css_animation=&#187;bottom-to-top&#187;] Ps\u00fchholoogia ainekava. G\u00fcmnasium. 2021 (pdf) Muusika\u00f5petus. Ainekava. G\u00fcmnaasium. 2021 (pdf) Eesti keel teise keelena ainekava. G\u00fcmnasium 2021 (pdf) \u041e\u0431\u0449\u0430\u044f \u0447\u0430\u0441\u0442\u044c \u0448\u043a\u043e\u043b\u044c\u043d\u043e\u0439 \u043f\u0440\u043e\u0433\u0440\u0430\u043c\u043c\u044b \/ Kooli \u00f5ppekava \u00fcldosa\u00a0alates 01.04.2018 (pdf) \u041e\u0441\u043d\u043e\u0432\u043d\u044b\u0435 \u0448\u043a\u043e\u043b\u044c\u043d\u044b\u0435 \u043f\u0440\u043e\u0433\u0440\u0430\u043c\u043c\u044b \/ P\u00f5hikooli ainekavad alates 01.04.2018 (pdf) \u0423\u0447\u0435\u0431\u043d\u044b\u0435 \u043f\u0440\u043e\u0433\u0440\u0430\u043c\u043c\u044b \u0441\u0442\u0430\u0440\u0448\u0438\u0445 \u043a\u043b\u0430\u0441\u0441\u043e\u0432 \u0441\u0440\u0435\u0434\u043d\u0435\u0439 \u0448\u043a\u043e\u043b\u044b \/ G\u00fcmnaasiumi ainekavad alates 01.04.2018 (pdf) &nbsp; [\/vc_column_text][vc_separator css_animation=&#187;bounceIn&#187;][vc_column_text] \u041e\u0431\u0449\u0430\u044f \u0447\u0430\u0441\u0442\u044c \u0448\u043a\u043e\u043b\u044c\u043d\u043e\u0439 \u043f\u0440\u043e\u0433\u0440\u0430\u043c\u043c\u044b \/ Kooli \u00f5ppekava \u00fcldosa\u00a0kuni 31.03.2018 (pdf) \u041e\u0441\u043d\u043e\u0432\u043d\u044b\u0435 \u0448\u043a\u043e\u043b\u044c\u043d\u044b\u0435 \u043f\u0440\u043e\u0433\u0440\u0430\u043c\u043c\u044b \/ P\u00f5hikooli ainekavad kuni 31.03.2018 (pdf) \u0423\u0447\u0435\u0431\u043d\u044b\u0435 \u043f\u0440\u043e\u0433\u0440\u0430\u043c\u043c\u044b \u0441\u0442\u0430\u0440\u0448\u0438\u0445 \u043a\u043b\u0430\u0441\u0441\u043e\u0432 \u0441\u0440\u0435\u0434\u043d\u0435\u0439 \u0448\u043a\u043e\u043b\u044b \u00a0\/ G\u00fcmnaasiumi ainekavad kuni 31.03.2018 (pdf) [\/vc_column_text][\/vc_column][\/vc_row]<\/p>\n","category_list_v2":"","author_info_v2":{"name":"wp_hve_edu","url":"https:\/\/www.hve.edu.ee\/e\/ru\/?author=1"},"comments_num_v2":"0 \u043a\u043e\u043c\u043c\u0435\u043d\u0442\u0430\u0440\u0438\u0435\u0432","_links":{"self":[{"href":"https:\/\/www.hve.edu.ee\/e\/ru\/index.php?rest_route=\/wp\/v2\/pages\/398"}],"collection":[{"href":"https:\/\/www.hve.edu.ee\/e\/ru\/index.php?rest_route=\/wp\/v2\/pages"}],"about":[{"href":"https:\/\/www.hve.edu.ee\/e\/ru\/index.php?rest_route=\/wp\/v2\/types\/page"}],"author":[{"embeddable":true,"href":"https:\/\/www.hve.edu.ee\/e\/ru\/index.php?rest_route=\/wp\/v2\/users\/1"}],"replies":[{"embeddable":true,"href":"https:\/\/www.hve.edu.ee\/e\/ru\/index.php?rest_route=%2Fwp%2Fv2%2Fcomments&post=398"}],"version-history":[{"count":20,"href":"https:\/\/www.hve.edu.ee\/e\/ru\/index.php?rest_route=\/wp\/v2\/pages\/398\/revisions"}],"predecessor-version":[{"id":1359,"href":"https:\/\/www.hve.edu.ee\/e\/ru\/index.php?rest_route=\/wp\/v2\/pages\/398\/revisions\/1359"}],"up":[{"embeddable":true,"href":"https:\/\/www.hve.edu.ee\/e\/ru\/index.php?rest_route=\/wp\/v2\/pages\/160"}],"wp:attachment":[{"href":"https:\/\/www.hve.edu.ee\/e\/ru\/index.php?rest_route=%2Fwp%2Fv2%2Fmedia&parent=398"}],"curies":[{"name":"wp","href":"https:\/\/api.w.org\/{rel}","templated":true}]}}